{"id":14,"date":"2024-03-07T00:28:49","date_gmt":"2024-03-07T03:28:49","guid":{"rendered":"https:\/\/homologacao.websyte.com.br\/nobel\/?page_id=14"},"modified":"2024-03-22T14:17:05","modified_gmt":"2024-03-22T17:17:05","slug":"nobel-prize-dialogue","status":"publish","type":"page","link":"https:\/\/homologacao.websyte.com.br\/nobel\/","title":{"rendered":"Nobel Prize Dialogue"},"content":{"rendered":"\t\t<div data-elementor-type=\"wp-page\" data-elementor-id=\"14\" class=\"elementor elementor-14\" data-elementor-post-type=\"page\">\n\t\t\t\t<div class=\"elementor-element elementor-element-896aad2 e-flex e-con-boxed e-con e-child\" data-id=\"896aad2\" data-element_type=\"container\" data-settings=\"{&quot;container_type&quot;:&quot;flex&quot;,&quot;content_width&quot;:&quot;boxed&quot;}\">\n\t\t\t\t\t<div class=\"e-con-inner\">\n\t\t\t\t<div class=\"elementor-element elementor-element-b048361 elementor-widget elementor-widget-heading\" data-id=\"b048361\" data-element_type=\"widget\" data-widget_type=\"heading.default\">\n\t\t\t\t<div class=\"elementor-widget-container\">\n\t\t\t<style>\/*! elementor - v3.19.0 - 28-02-2024 *\/\n.elementor-heading-title{padding:0;margin:0;line-height:1}.elementor-widget-heading .elementor-heading-title[class*=elementor-size-]>a{color:inherit;font-size:inherit;line-height:inherit}.elementor-widget-heading .elementor-heading-title.elementor-size-small{font-size:15px}.elementor-widget-heading .elementor-heading-title.elementor-size-medium{font-size:19px}.elementor-widget-heading .elementor-heading-title.elementor-size-large{font-size:29px}.elementor-widget-heading .elementor-heading-title.elementor-size-xl{font-size:39px}.elementor-widget-heading .elementor-heading-title.elementor-size-xxl{font-size:59px}<\/style><h3 class=\"elementor-heading-title elementor-size-default\">Nobel Prize Dialogue Rio and S\u00e3o Paulo<\/h3>\t\t<\/div>\n\t\t\t\t<\/div>\n\t\t\t\t<div class=\"elementor-element elementor-element-e6579db elementor-widget elementor-widget-text-editor\" data-id=\"e6579db\" data-element_type=\"widget\" data-widget_type=\"text-editor.default\">\n\t\t\t\t<div class=\"elementor-widget-container\">\n\t\t\t<style>\/*! elementor - v3.19.0 - 28-02-2024 *\/\n.elementor-widget-text-editor.elementor-drop-cap-view-stacked .elementor-drop-cap{background-color:#69727d;color:#fff}.elementor-widget-text-editor.elementor-drop-cap-view-framed .elementor-drop-cap{color:#69727d;border:3px solid;background-color:transparent}.elementor-widget-text-editor:not(.elementor-drop-cap-view-default) .elementor-drop-cap{margin-top:8px}.elementor-widget-text-editor:not(.elementor-drop-cap-view-default) .elementor-drop-cap-letter{width:1em;height:1em}.elementor-widget-text-editor .elementor-drop-cap{float:left;text-align:center;line-height:1;font-size:50px}.elementor-widget-text-editor .elementor-drop-cap-letter{display:inline-block}<\/style>\t\t\t\t<p>15 de abril, Rio de Janeiro<br \/>17 de abril, S\u00e3o Paulo<\/p>\t\t\t\t\t\t<\/div>\n\t\t\t\t<\/div>\n\t\t\t\t<div class=\"elementor-element elementor-element-9f47ed9 elementor-widget elementor-widget-text-editor\" data-id=\"9f47ed9\" data-element_type=\"widget\" data-widget_type=\"text-editor.default\">\n\t\t\t\t<div class=\"elementor-widget-container\">\n\t\t\t\t\t\t\t<p><strong>Rio de Janeiro &#8211; Universidade do Estado do Rio de Janeiro (UERJ)<\/strong><br \/>15 de abril, 10:00-16:00<\/p><p>A ci\u00eancia inevitavelmente ter\u00e1 um grande impacto no nosso futuro, mas como a ci\u00eancia beneficia a sociedade e como a sociedade pode conseguir o melhor da ci\u00eancia? \u00c0 medida que aumenta a nossa consci\u00eancia da dimens\u00e3o dos desafios globais prementes, precisamos considerar a melhor forma de nos preparar, bem como as futuras gera\u00e7\u00f5es, para aproveitar as oportunidades que a ci\u00eancia oferece para a constru\u00e7\u00e3o de um mundo melhor. Como conseguir o melhor da ci\u00eancia e dos cientistas? O Nobel Prize Dialogue no Rio de Janeiro busca respostas para essas perguntas.<\/p><p>O Nobel Prize Dialogue contar\u00e1 com a presen\u00e7a de laureados com o Pr\u00eamio Nobel, bem como de estudantes e outros participantes nacionais e internacionais, para uma s\u00e9rie de di\u00e1logos. Pela manh\u00e3, os presentes discutir\u00e3o o valor da ci\u00eancia, como tornar a pr\u00e1tica da pesquisa mais inclusiva e como comunicar de forma mais eficaz com audi\u00eancias que v\u00e3o desde o p\u00fablico em geral at\u00e9 os formuladores de pol\u00edticas. Na sequ\u00eancia, debates interativos abordar\u00e3o as responsabilidades dos cientistas, o papel das universidades e estrat\u00e9gias para a transi\u00e7\u00e3o para um mundo mais sustent\u00e1vel. \u00c0 tarde, as discuss\u00f5es se concentrar\u00e3o em como trabalhar melhor coletivamente, tanto dentro das institui\u00e7\u00f5es de pesquisa quanto entre diferentes disciplinas e setores, e os caminhos a serem seguidos pela ci\u00eancia e pelos cientistas, analisando se existem estrat\u00e9gias mais apropriadas para direcionar nossos esfor\u00e7os e recursos para se obter o m\u00e1ximo da ci\u00eancia e se criar o futuro que desejamos.<\/p><p>Os palestrantes incluem os laureados com o Pr\u00eamio Nobel <a href=\"https:\/\/homologacao.websyte.com.br\/nobel\/painelistas\/serge-haroche\/\">Serge Haroche<\/a> (Nobel de F\u00edsica em 2012), <a href=\"https:\/\/homologacao.websyte.com.br\/nobel\/painelistas\/david-macmillan\/\">David MacMillan<\/a> (Nobel de Qu\u00edmica em 2021) e <a href=\"https:\/\/homologacao.websyte.com.br\/nobel\/painelistas\/may-britt-moser\/\">May-Britt Moser<\/a> (Nobel de Medicina em 2014).<\/p><p><strong>S\u00e3o Paulo &#8211; Universidade de S\u00e3o Paulo (USP)<\/strong><br \/>17 de abril, 10:00-12:00<\/p><p>Em uma s\u00e9rie de conversas e debates moderados, os laureados com o Pr\u00eamio Nobel discutir\u00e3o o que aprenderam com uma vida dedicada \u00e0 ci\u00eancia. Com a ajuda da audi\u00eancia, <a href=\"https:\/\/homologacao.websyte.com.br\/nobel\/painelistas\/serge-haroche\/\">Serge Haroche<\/a> (Nobel de F\u00edsica em 2012), <a href=\"https:\/\/homologacao.websyte.com.br\/nobel\/painelistas\/david-macmillan\/\">David MacMillan<\/a> (Nobel de Qu\u00edmica em 2021) e <a href=\"https:\/\/homologacao.websyte.com.br\/nobel\/painelistas\/may-britt-moser\/\">May-Britt Moser<\/a> (Nobel de Medicina em 2014) abordar\u00e3o o que \u00e9 necess\u00e1rio para manter a curiosidade cient\u00edfica e enfrentar grandes quest\u00f5es, como superar os muitos contratempos enfrentados na pesquisa e como comunicar descobertas aos colegas, formuladores de pol\u00edticas e ao p\u00fablico em geral.<\/p><p>Inscri\u00e7\u00f5es ser\u00e3o abertas no fim de mar\u00e7o.<\/p><p><strong>S\u00e3o Paulo &#8211; Federa\u00e7\u00e3o das Ind\u00fastrias de S\u00e3o Paulo &#8211; FIESP<\/strong><br \/>17 de abril, 14:30 &#8211; 16:30<br \/>Apenas para convidados. As informa\u00e7\u00f5es ser\u00e3o enviadas separadamente.<\/p>\t\t\t\t\t\t<\/div>\n\t\t\t\t<\/div>\n\t\t\t\t\t<\/div>\n\t\t\t\t<\/div>\n\t\t\t\t<\/div>\n\t\t","protected":false},"excerpt":{"rendered":"<p>Nobel Prize Dialogue Rio and S\u00e3o Paulo 15 de abril, Rio de Janeiro17 de abril, S\u00e3o Paulo Rio de Janeiro &#8211; Universidade do Estado do Rio de Janeiro (UERJ)15 de abril, 10:00-16:00 A ci\u00eancia inevitavelmente ter\u00e1 um grande impacto no nosso futuro, mas como a ci\u00eancia beneficia a sociedade e como a sociedade pode conseguir [&hellip;]<\/p>\n","protected":false},"author":1,"featured_media":0,"parent":0,"menu_order":0,"comment_status":"closed","ping_status":"closed","template":"","meta":{"footnotes":""},"class_list":["post-14","page","type-page","status-publish","hentry"],"_links":{"self":[{"href":"https:\/\/homologacao.websyte.com.br\/nobel\/wp-json\/wp\/v2\/pages\/14","targetHints":{"allow":["GET"]}}],"collection":[{"href":"https:\/\/homologacao.websyte.com.br\/nobel\/wp-json\/wp\/v2\/pages"}],"about":[{"href":"https:\/\/homologacao.websyte.com.br\/nobel\/wp-json\/wp\/v2\/types\/page"}],"author":[{"embeddable":true,"href":"https:\/\/homologacao.websyte.com.br\/nobel\/wp-json\/wp\/v2\/users\/1"}],"replies":[{"embeddable":true,"href":"https:\/\/homologacao.websyte.com.br\/nobel\/wp-json\/wp\/v2\/comments?post=14"}],"version-history":[{"count":115,"href":"https:\/\/homologacao.websyte.com.br\/nobel\/wp-json\/wp\/v2\/pages\/14\/revisions"}],"predecessor-version":[{"id":494,"href":"https:\/\/homologacao.websyte.com.br\/nobel\/wp-json\/wp\/v2\/pages\/14\/revisions\/494"}],"wp:attachment":[{"href":"https:\/\/homologacao.websyte.com.br\/nobel\/wp-json\/wp\/v2\/media?parent=14"}],"curies":[{"name":"wp","href":"https:\/\/api.w.org\/{rel}","templated":true}]}}