{"id":165,"date":"2024-03-14T22:14:26","date_gmt":"2024-03-15T01:14:26","guid":{"rendered":"https:\/\/homologacao.websyte.com.br\/nobel\/?page_id=165"},"modified":"2024-03-25T21:42:42","modified_gmt":"2024-03-26T00:42:42","slug":"painelistas","status":"publish","type":"page","link":"https:\/\/homologacao.websyte.com.br\/nobel\/painelistas\/","title":{"rendered":"Painelistas"},"content":{"rendered":"\t\t<div data-elementor-type=\"wp-page\" data-elementor-id=\"165\" class=\"elementor elementor-165\" data-elementor-post-type=\"page\">\n\t\t\t\t<div class=\"elementor-element elementor-element-4ffe8d5 e-flex e-con-boxed e-con e-parent\" data-id=\"4ffe8d5\" data-element_type=\"container\" data-settings=\"{&quot;container_type&quot;:&quot;flex&quot;,&quot;content_width&quot;:&quot;boxed&quot;}\" data-core-v316-plus=\"true\">\n\t\t\t\t\t<div class=\"e-con-inner\">\n\t\t<div class=\"elementor-element elementor-element-2abfb9e e-con-full e-flex e-con e-child\" data-id=\"2abfb9e\" data-element_type=\"container\" data-settings=\"{&quot;content_width&quot;:&quot;full&quot;,&quot;container_type&quot;:&quot;flex&quot;}\">\n\t\t<div class=\"elementor-element elementor-element-a036f39 e-con-full e-flex e-con e-child\" data-id=\"a036f39\" data-element_type=\"container\" data-settings=\"{&quot;content_width&quot;:&quot;full&quot;,&quot;container_type&quot;:&quot;flex&quot;}\">\n\t\t<div class=\"elementor-element elementor-element-6b7e718 e-con-full e-flex e-con e-child\" data-id=\"6b7e718\" data-element_type=\"container\" data-settings=\"{&quot;content_width&quot;:&quot;full&quot;,&quot;container_type&quot;:&quot;flex&quot;}\">\n\t\t\t\t<div class=\"elementor-element elementor-element-ad0cacc elementor-widget elementor-widget-image\" data-id=\"ad0cacc\" data-element_type=\"widget\" data-widget_type=\"image.default\">\n\t\t\t\t<div class=\"elementor-widget-container\">\n\t\t\t<style>\/*! elementor - v3.19.0 - 28-02-2024 *\/\n.elementor-widget-image{text-align:center}.elementor-widget-image a{display:inline-block}.elementor-widget-image a img[src$=\".svg\"]{width:48px}.elementor-widget-image img{vertical-align:middle;display:inline-block}<\/style>\t\t\t\t\t\t\t\t\t\t<img fetchpriority=\"high\" decoding=\"async\" width=\"640\" height=\"960\" src=\"https:\/\/homologacao.websyte.com.br\/nobel\/wp-content\/uploads\/2024\/03\/Anderson-F.-Brito.jpg\" class=\"attachment-large size-large wp-image-322\" alt=\"\" srcset=\"https:\/\/homologacao.websyte.com.br\/nobel\/wp-content\/uploads\/2024\/03\/Anderson-F.-Brito.jpg 640w, https:\/\/homologacao.websyte.com.br\/nobel\/wp-content\/uploads\/2024\/03\/Anderson-F.-Brito-200x300.jpg 200w\" sizes=\"(max-width: 640px) 100vw, 640px\" \/>\t\t\t\t\t\t\t\t\t\t\t\t\t<\/div>\n\t\t\t\t<\/div>\n\t\t\t\t<\/div>\n\t\t<div class=\"elementor-element elementor-element-2387bdc e-flex e-con-boxed e-con e-child\" data-id=\"2387bdc\" data-element_type=\"container\" data-settings=\"{&quot;container_type&quot;:&quot;flex&quot;,&quot;content_width&quot;:&quot;boxed&quot;}\">\n\t\t\t\t\t<div class=\"e-con-inner\">\n\t\t\t\t<div class=\"elementor-element elementor-element-4f957b8 elementor-widget elementor-widget-heading\" data-id=\"4f957b8\" data-element_type=\"widget\" data-widget_type=\"heading.default\">\n\t\t\t\t<div class=\"elementor-widget-container\">\n\t\t\t<style>\/*! elementor - v3.19.0 - 28-02-2024 *\/\n.elementor-heading-title{padding:0;margin:0;line-height:1}.elementor-widget-heading .elementor-heading-title[class*=elementor-size-]>a{color:inherit;font-size:inherit;line-height:inherit}.elementor-widget-heading .elementor-heading-title.elementor-size-small{font-size:15px}.elementor-widget-heading .elementor-heading-title.elementor-size-medium{font-size:19px}.elementor-widget-heading .elementor-heading-title.elementor-size-large{font-size:29px}.elementor-widget-heading .elementor-heading-title.elementor-size-xl{font-size:39px}.elementor-widget-heading .elementor-heading-title.elementor-size-xxl{font-size:59px}<\/style><h4 class=\"elementor-heading-title elementor-size-default\"><a href=\"https:\/\/homologacao.websyte.com.br\/nobel\/painelistas\/anderson-brito\/\">Anderson F. Brito<\/a><\/h4>\t\t<\/div>\n\t\t\t\t<\/div>\n\t\t\t\t<div class=\"elementor-element elementor-element-bda465a elementor-widget elementor-widget-text-editor\" data-id=\"bda465a\" data-element_type=\"widget\" data-widget_type=\"text-editor.default\">\n\t\t\t\t<div class=\"elementor-widget-container\">\n\t\t\t<style>\/*! elementor - v3.19.0 - 28-02-2024 *\/\n.elementor-widget-text-editor.elementor-drop-cap-view-stacked .elementor-drop-cap{background-color:#69727d;color:#fff}.elementor-widget-text-editor.elementor-drop-cap-view-framed .elementor-drop-cap{color:#69727d;border:3px solid;background-color:transparent}.elementor-widget-text-editor:not(.elementor-drop-cap-view-default) .elementor-drop-cap{margin-top:8px}.elementor-widget-text-editor:not(.elementor-drop-cap-view-default) .elementor-drop-cap-letter{width:1em;height:1em}.elementor-widget-text-editor .elementor-drop-cap{float:left;text-align:center;line-height:1;font-size:50px}.elementor-widget-text-editor .elementor-drop-cap-letter{display:inline-block}<\/style>\t\t\t\t<p>Anderson F. Brito \u00e9 virologista e especialista em bioinform\u00e1tica. Atualmente, atua como pesquisador no Instituto Todos pela Sa\u00fade (ITpS), uma institui\u00e7\u00e3o no Brasil dedicada \u00e0 prepara\u00e7\u00e3o para pandemias e resposta r\u00e1pida a amea\u00e7as infecciosas.<\/p><p><a href=\"https:\/\/homologacao.websyte.com.br\/nobel\/painelistas\/anderson-brito\/\">Saiba mais sobre Anderson F. Brito<\/a><\/p>\t\t\t\t\t\t<\/div>\n\t\t\t\t<\/div>\n\t\t\t\t\t<\/div>\n\t\t\t\t<\/div>\n\t\t\t\t<\/div>\n\t\t<div class=\"elementor-element elementor-element-343eb4b e-con-full e-flex e-con e-child\" data-id=\"343eb4b\" data-element_type=\"container\" data-settings=\"{&quot;content_width&quot;:&quot;full&quot;,&quot;container_type&quot;:&quot;flex&quot;}\">\n\t\t<div class=\"elementor-element elementor-element-b30e935 e-con-full e-flex e-con e-child\" data-id=\"b30e935\" data-element_type=\"container\" data-settings=\"{&quot;content_width&quot;:&quot;full&quot;,&quot;container_type&quot;:&quot;flex&quot;}\">\n\t\t\t\t<div class=\"elementor-element elementor-element-d0e38aa elementor-widget elementor-widget-image\" data-id=\"d0e38aa\" data-element_type=\"widget\" data-widget_type=\"image.default\">\n\t\t\t\t<div class=\"elementor-widget-container\">\n\t\t\t\t\t\t\t\t\t\t\t\t\t<img decoding=\"async\" width=\"640\" height=\"960\" src=\"https:\/\/homologacao.websyte.com.br\/nobel\/wp-content\/uploads\/2024\/03\/109208-portrait-small-2x.webp\" class=\"attachment-large size-large wp-image-155\" alt=\"\" srcset=\"https:\/\/homologacao.websyte.com.br\/nobel\/wp-content\/uploads\/2024\/03\/109208-portrait-small-2x.webp 640w, https:\/\/homologacao.websyte.com.br\/nobel\/wp-content\/uploads\/2024\/03\/109208-portrait-small-2x-200x300.webp 200w\" sizes=\"(max-width: 640px) 100vw, 640px\" \/>\t\t\t\t\t\t\t\t\t\t\t\t\t<\/div>\n\t\t\t\t<\/div>\n\t\t\t\t<\/div>\n\t\t<div class=\"elementor-element elementor-element-cfa92b5 e-flex e-con-boxed e-con e-child\" data-id=\"cfa92b5\" data-element_type=\"container\" data-settings=\"{&quot;container_type&quot;:&quot;flex&quot;,&quot;content_width&quot;:&quot;boxed&quot;}\">\n\t\t\t\t\t<div class=\"e-con-inner\">\n\t\t\t\t<div class=\"elementor-element elementor-element-628c3ef elementor-widget elementor-widget-heading\" data-id=\"628c3ef\" data-element_type=\"widget\" data-widget_type=\"heading.default\">\n\t\t\t\t<div class=\"elementor-widget-container\">\n\t\t\t<h4 class=\"elementor-heading-title elementor-size-default\"><a href=\"https:\/\/homologacao.websyte.com.br\/nobel\/painelistas\/anna-cristina-daddio\/\">Anna Cristina D\u2019Addio<\/a><\/h4>\t\t<\/div>\n\t\t\t\t<\/div>\n\t\t\t\t<div class=\"elementor-element elementor-element-0ca81d4 elementor-widget elementor-widget-text-editor\" data-id=\"0ca81d4\" data-element_type=\"widget\" data-widget_type=\"text-editor.default\">\n\t\t\t\t<div class=\"elementor-widget-container\">\n\t\t\t\t\t\t\t<p>Anna Cristina D&#8217;Addio \u00e9 economista por forma\u00e7\u00e3o e trabalha como analista s\u00eanior de pol\u00edticas na equipe do Relat\u00f3rio de Monitoramento Global da Educa\u00e7\u00e3o (GEM) na UNESCO desde 2017.<\/p><p><a href=\"https:\/\/homologacao.websyte.com.br\/nobel\/painelistas\/anna-cristina-daddio\/\">Saiba mais sobre Anna Cristina D&#8217;Addio<\/a><\/p>\t\t\t\t\t\t<\/div>\n\t\t\t\t<\/div>\n\t\t\t\t\t<\/div>\n\t\t\t\t<\/div>\n\t\t\t\t<\/div>\n\t\t\t\t<\/div>\n\t\t<div class=\"elementor-element elementor-element-c1e4817 e-con-full e-flex e-con e-child\" data-id=\"c1e4817\" data-element_type=\"container\" data-settings=\"{&quot;content_width&quot;:&quot;full&quot;,&quot;container_type&quot;:&quot;flex&quot;}\">\n\t\t<div class=\"elementor-element elementor-element-7d00b85 e-con-full e-flex e-con e-child\" data-id=\"7d00b85\" data-element_type=\"container\" data-settings=\"{&quot;content_width&quot;:&quot;full&quot;,&quot;container_type&quot;:&quot;flex&quot;}\">\n\t\t<div class=\"elementor-element elementor-element-83b5967 e-con-full e-flex e-con e-child\" data-id=\"83b5967\" data-element_type=\"container\" data-settings=\"{&quot;content_width&quot;:&quot;full&quot;,&quot;container_type&quot;:&quot;flex&quot;}\">\n\t\t\t\t<div class=\"elementor-element elementor-element-b65a529 elementor-widget elementor-widget-image\" data-id=\"b65a529\" data-element_type=\"widget\" data-widget_type=\"image.default\">\n\t\t\t\t<div class=\"elementor-widget-container\">\n\t\t\t\t\t\t\t\t\t\t\t\t\t<img decoding=\"async\" width=\"640\" height=\"960\" src=\"https:\/\/homologacao.websyte.com.br\/nobel\/wp-content\/uploads\/2024\/03\/155753-portrait-small-2x.jpg\" class=\"attachment-large size-large wp-image-561\" alt=\"\" srcset=\"https:\/\/homologacao.websyte.com.br\/nobel\/wp-content\/uploads\/2024\/03\/155753-portrait-small-2x.jpg 640w, https:\/\/homologacao.websyte.com.br\/nobel\/wp-content\/uploads\/2024\/03\/155753-portrait-small-2x-200x300.jpg 200w\" sizes=\"(max-width: 640px) 100vw, 640px\" \/>\t\t\t\t\t\t\t\t\t\t\t\t\t<\/div>\n\t\t\t\t<\/div>\n\t\t\t\t<\/div>\n\t\t<div class=\"elementor-element elementor-element-d9deebd e-flex e-con-boxed e-con e-child\" data-id=\"d9deebd\" data-element_type=\"container\" data-settings=\"{&quot;container_type&quot;:&quot;flex&quot;,&quot;content_width&quot;:&quot;boxed&quot;}\">\n\t\t\t\t\t<div class=\"e-con-inner\">\n\t\t\t\t<div class=\"elementor-element elementor-element-2afe4a8 elementor-widget elementor-widget-heading\" data-id=\"2afe4a8\" data-element_type=\"widget\" data-widget_type=\"heading.default\">\n\t\t\t\t<div class=\"elementor-widget-container\">\n\t\t\t<h4 class=\"elementor-heading-title elementor-size-default\"><a href=\"https:\/\/homologacao.websyte.com.br\/nobel\/painelistas\/flavia-cale\/\">Fl\u00e1via Cal\u00e9<\/a><\/h4>\t\t<\/div>\n\t\t\t\t<\/div>\n\t\t\t\t<div class=\"elementor-element elementor-element-da20925 elementor-widget elementor-widget-text-editor\" data-id=\"da20925\" data-element_type=\"widget\" data-widget_type=\"text-editor.default\">\n\t\t\t\t<div class=\"elementor-widget-container\">\n\t\t\t\t\t\t\t<p>Fl\u00e1via Cal\u00e9 \u00e9 doutoranda pelo Programa de Hist\u00f3ria Econ\u00f4mica na Faculdade de Filosofia, Letras e Ci\u00eancias Humanas da Universidade de S\u00e3o Paulo.<\/p><p><a href=\"https:\/\/homologacao.websyte.com.br\/nobel\/painelistas\/flavia-cale\/\">Saiba mais sobre Fl\u00e1via Cal\u00e9<\/a><\/p>\t\t\t\t\t\t<\/div>\n\t\t\t\t<\/div>\n\t\t\t\t\t<\/div>\n\t\t\t\t<\/div>\n\t\t\t\t<\/div>\n\t\t<div class=\"elementor-element elementor-element-e659dc2 e-con-full e-flex e-con e-child\" data-id=\"e659dc2\" data-element_type=\"container\" data-settings=\"{&quot;content_width&quot;:&quot;full&quot;,&quot;container_type&quot;:&quot;flex&quot;}\">\n\t\t<div class=\"elementor-element elementor-element-9e86c34 e-con-full e-flex e-con e-child\" data-id=\"9e86c34\" data-element_type=\"container\" data-settings=\"{&quot;content_width&quot;:&quot;full&quot;,&quot;container_type&quot;:&quot;flex&quot;}\">\n\t\t\t\t<div class=\"elementor-element elementor-element-0d299ce elementor-widget elementor-widget-image\" data-id=\"0d299ce\" data-element_type=\"widget\" data-widget_type=\"image.default\">\n\t\t\t\t<div class=\"elementor-widget-container\">\n\t\t\t\t\t\t\t\t\t\t\t\t\t<img loading=\"lazy\" decoding=\"async\" width=\"640\" height=\"960\" src=\"https:\/\/homologacao.websyte.com.br\/nobel\/wp-content\/uploads\/2024\/03\/155757-portrait-small-2x.jpg\" class=\"attachment-large size-large wp-image-598\" alt=\"\" srcset=\"https:\/\/homologacao.websyte.com.br\/nobel\/wp-content\/uploads\/2024\/03\/155757-portrait-small-2x.jpg 640w, https:\/\/homologacao.websyte.com.br\/nobel\/wp-content\/uploads\/2024\/03\/155757-portrait-small-2x-200x300.jpg 200w\" sizes=\"(max-width: 640px) 100vw, 640px\" \/>\t\t\t\t\t\t\t\t\t\t\t\t\t<\/div>\n\t\t\t\t<\/div>\n\t\t\t\t<\/div>\n\t\t<div class=\"elementor-element elementor-element-4069d7a e-flex e-con-boxed e-con e-child\" data-id=\"4069d7a\" data-element_type=\"container\" data-settings=\"{&quot;container_type&quot;:&quot;flex&quot;,&quot;content_width&quot;:&quot;boxed&quot;}\">\n\t\t\t\t\t<div class=\"e-con-inner\">\n\t\t\t\t<div class=\"elementor-element elementor-element-4ba9560 elementor-widget elementor-widget-heading\" data-id=\"4ba9560\" data-element_type=\"widget\" data-widget_type=\"heading.default\">\n\t\t\t\t<div class=\"elementor-widget-container\">\n\t\t\t<h4 class=\"elementor-heading-title elementor-size-default\"><a href=\"https:\/\/homologacao.websyte.com.br\/nobel\/painelistas\/luiz-davidovich\/\">Luiz Davidovich<\/a><\/h4>\t\t<\/div>\n\t\t\t\t<\/div>\n\t\t\t\t<div class=\"elementor-element elementor-element-4ff7828 elementor-widget elementor-widget-text-editor\" data-id=\"4ff7828\" data-element_type=\"widget\" data-widget_type=\"text-editor.default\">\n\t\t\t\t<div class=\"elementor-widget-container\">\n\t\t\t\t\t\t\t<p>Luiz Davidovich \u00e9 professor em\u00e9rito da Universidade Federal do Rio de Janeiro e distinguished fellow do Institute for Quantum Science and Engineering da University of Texas A&amp;M.<\/p><p><a href=\"https:\/\/homologacao.websyte.com.br\/nobel\/painelistas\/luiz-davidovich\/\">Saiba mais sobre Luiz Davidovich<\/a><\/p>\t\t\t\t\t\t<\/div>\n\t\t\t\t<\/div>\n\t\t\t\t\t<\/div>\n\t\t\t\t<\/div>\n\t\t\t\t<\/div>\n\t\t\t\t<\/div>\n\t\t<div class=\"elementor-element elementor-element-8192720 e-con-full e-flex e-con e-child\" data-id=\"8192720\" data-element_type=\"container\" data-settings=\"{&quot;content_width&quot;:&quot;full&quot;,&quot;container_type&quot;:&quot;flex&quot;}\">\n\t\t<div class=\"elementor-element elementor-element-1b6f2aa e-con-full e-flex e-con e-child\" data-id=\"1b6f2aa\" data-element_type=\"container\" data-settings=\"{&quot;content_width&quot;:&quot;full&quot;,&quot;container_type&quot;:&quot;flex&quot;}\">\n\t\t<div class=\"elementor-element elementor-element-95ce881 e-con-full e-flex e-con e-child\" data-id=\"95ce881\" data-element_type=\"container\" data-settings=\"{&quot;content_width&quot;:&quot;full&quot;,&quot;container_type&quot;:&quot;flex&quot;}\">\n\t\t\t\t<div class=\"elementor-element elementor-element-13a5053 elementor-widget elementor-widget-image\" data-id=\"13a5053\" data-element_type=\"widget\" data-widget_type=\"image.default\">\n\t\t\t\t<div class=\"elementor-widget-container\">\n\t\t\t\t\t\t\t\t\t\t\t\t\t<img loading=\"lazy\" decoding=\"async\" width=\"640\" height=\"960\" src=\"https:\/\/homologacao.websyte.com.br\/nobel\/wp-content\/uploads\/2024\/03\/Jaqueline-Goes.webp\" class=\"attachment-large size-large wp-image-323\" alt=\"\" srcset=\"https:\/\/homologacao.websyte.com.br\/nobel\/wp-content\/uploads\/2024\/03\/Jaqueline-Goes.webp 640w, https:\/\/homologacao.websyte.com.br\/nobel\/wp-content\/uploads\/2024\/03\/Jaqueline-Goes-200x300.webp 200w\" sizes=\"(max-width: 640px) 100vw, 640px\" \/>\t\t\t\t\t\t\t\t\t\t\t\t\t<\/div>\n\t\t\t\t<\/div>\n\t\t\t\t<\/div>\n\t\t<div class=\"elementor-element elementor-element-e90f56d e-flex e-con-boxed e-con e-child\" data-id=\"e90f56d\" data-element_type=\"container\" data-settings=\"{&quot;container_type&quot;:&quot;flex&quot;,&quot;content_width&quot;:&quot;boxed&quot;}\">\n\t\t\t\t\t<div class=\"e-con-inner\">\n\t\t\t\t<div class=\"elementor-element elementor-element-b8361e8 elementor-widget elementor-widget-heading\" data-id=\"b8361e8\" data-element_type=\"widget\" data-widget_type=\"heading.default\">\n\t\t\t\t<div class=\"elementor-widget-container\">\n\t\t\t<h4 class=\"elementor-heading-title elementor-size-default\"><a href=\"https:\/\/homologacao.websyte.com.br\/nobel\/painelistas\/jaqueline-goes-2\/\">Jaqueline Goes<\/a><\/h4>\t\t<\/div>\n\t\t\t\t<\/div>\n\t\t\t\t<div class=\"elementor-element elementor-element-86da31a elementor-widget elementor-widget-text-editor\" data-id=\"86da31a\" data-element_type=\"widget\" data-widget_type=\"text-editor.default\">\n\t\t\t\t<div class=\"elementor-widget-container\">\n\t\t\t\t\t\t\t<p>Jaqueline Goes foi nomeada oficialmente embaixadora da ci\u00eancia no Brasil, respons\u00e1vel por liderar o grupo que sequenciou o genoma do COVID em 48 horas.<\/p><p><a href=\"https:\/\/homologacao.websyte.com.br\/nobel\/painelistas\/jaqueline-goes-2\/\">Saiba mais sobre Jaqueline Goes<\/a><\/p>\t\t\t\t\t\t<\/div>\n\t\t\t\t<\/div>\n\t\t\t\t\t<\/div>\n\t\t\t\t<\/div>\n\t\t\t\t<\/div>\n\t\t<div class=\"elementor-element elementor-element-14a5485 e-con-full e-flex e-con e-child\" data-id=\"14a5485\" data-element_type=\"container\" data-settings=\"{&quot;content_width&quot;:&quot;full&quot;,&quot;container_type&quot;:&quot;flex&quot;}\">\n\t\t<div class=\"elementor-element elementor-element-fcccc0d e-con-full e-flex e-con e-child\" data-id=\"fcccc0d\" data-element_type=\"container\" data-settings=\"{&quot;content_width&quot;:&quot;full&quot;,&quot;container_type&quot;:&quot;flex&quot;}\">\n\t\t\t\t<div class=\"elementor-element elementor-element-f90f8c2 elementor-widget elementor-widget-image\" data-id=\"f90f8c2\" data-element_type=\"widget\" data-widget_type=\"image.default\">\n\t\t\t\t<div class=\"elementor-widget-container\">\n\t\t\t\t\t\t\t\t\t\t\t\t\t<img loading=\"lazy\" decoding=\"async\" width=\"640\" height=\"960\" src=\"https:\/\/homologacao.websyte.com.br\/nobel\/wp-content\/uploads\/2024\/03\/112217-portrait-small-2x.webp\" class=\"attachment-large size-large wp-image-60\" alt=\"\" srcset=\"https:\/\/homologacao.websyte.com.br\/nobel\/wp-content\/uploads\/2024\/03\/112217-portrait-small-2x.webp 640w, https:\/\/homologacao.websyte.com.br\/nobel\/wp-content\/uploads\/2024\/03\/112217-portrait-small-2x-200x300.webp 200w\" sizes=\"(max-width: 640px) 100vw, 640px\" \/>\t\t\t\t\t\t\t\t\t\t\t\t\t<\/div>\n\t\t\t\t<\/div>\n\t\t\t\t<\/div>\n\t\t<div class=\"elementor-element elementor-element-800d370 e-flex e-con-boxed e-con e-child\" data-id=\"800d370\" data-element_type=\"container\" data-settings=\"{&quot;container_type&quot;:&quot;flex&quot;,&quot;content_width&quot;:&quot;boxed&quot;}\">\n\t\t\t\t\t<div class=\"e-con-inner\">\n\t\t\t\t<div class=\"elementor-element elementor-element-dca7867 elementor-widget elementor-widget-heading\" data-id=\"dca7867\" data-element_type=\"widget\" data-widget_type=\"heading.default\">\n\t\t\t\t<div class=\"elementor-widget-container\">\n\t\t\t<h5 class=\"elementor-heading-title elementor-size-default\">Laureado com o Pr\u00eamio Nobel\n<\/h5>\t\t<\/div>\n\t\t\t\t<\/div>\n\t\t\t\t<div class=\"elementor-element elementor-element-0a338ae elementor-widget elementor-widget-heading\" data-id=\"0a338ae\" data-element_type=\"widget\" data-widget_type=\"heading.default\">\n\t\t\t\t<div class=\"elementor-widget-container\">\n\t\t\t<h4 class=\"elementor-heading-title elementor-size-default\"><a href=\"https:\/\/homologacao.websyte.com.br\/nobel\/painelistas\/serge-haroche\/\">Serge Haroche<\/a><\/h4>\t\t<\/div>\n\t\t\t\t<\/div>\n\t\t\t\t<div class=\"elementor-element elementor-element-7f4141e elementor-widget elementor-widget-text-editor\" data-id=\"7f4141e\" data-element_type=\"widget\" data-widget_type=\"text-editor.default\">\n\t\t\t\t<div class=\"elementor-widget-container\">\n\t\t\t\t\t\t\t<p>Serge Haroche divide o Pr\u00eamio Nobel de F\u00edsica de 2012 com David Wineland por \u201cm\u00e9todos experimentais inovadores que permitem medir e manipular sistemas qu\u00e2nticos individuais\u201d.<\/p><p><a href=\"https:\/\/homologacao.websyte.com.br\/nobel\/painelistas\/serge-haroche\/\">Saiba mais sobre Serge Haroche<\/a><\/p>\t\t\t\t\t\t<\/div>\n\t\t\t\t<\/div>\n\t\t\t\t\t<\/div>\n\t\t\t\t<\/div>\n\t\t\t\t<\/div>\n\t\t\t\t<\/div>\n\t\t<div class=\"elementor-element elementor-element-551a774 e-con-full e-flex e-con e-child\" data-id=\"551a774\" data-element_type=\"container\" data-settings=\"{&quot;content_width&quot;:&quot;full&quot;,&quot;container_type&quot;:&quot;flex&quot;}\">\n\t\t<div class=\"elementor-element elementor-element-7efe572 e-con-full e-flex e-con e-child\" data-id=\"7efe572\" data-element_type=\"container\" data-settings=\"{&quot;content_width&quot;:&quot;full&quot;,&quot;container_type&quot;:&quot;flex&quot;}\">\n\t\t<div class=\"elementor-element elementor-element-f1df4bb e-con-full e-flex e-con e-child\" data-id=\"f1df4bb\" data-element_type=\"container\" data-settings=\"{&quot;content_width&quot;:&quot;full&quot;,&quot;container_type&quot;:&quot;flex&quot;}\">\n\t\t\t\t<div class=\"elementor-element elementor-element-470e959 elementor-widget elementor-widget-image\" data-id=\"470e959\" data-element_type=\"widget\" data-widget_type=\"image.default\">\n\t\t\t\t<div class=\"elementor-widget-container\">\n\t\t\t\t\t\t\t\t\t\t\t\t\t<img loading=\"lazy\" decoding=\"async\" width=\"640\" height=\"960\" src=\"https:\/\/homologacao.websyte.com.br\/nobel\/wp-content\/uploads\/2024\/03\/124482-portrait-small-2x.webp\" class=\"attachment-large size-large wp-image-61\" alt=\"\" srcset=\"https:\/\/homologacao.websyte.com.br\/nobel\/wp-content\/uploads\/2024\/03\/124482-portrait-small-2x.webp 640w, https:\/\/homologacao.websyte.com.br\/nobel\/wp-content\/uploads\/2024\/03\/124482-portrait-small-2x-200x300.webp 200w\" sizes=\"(max-width: 640px) 100vw, 640px\" \/>\t\t\t\t\t\t\t\t\t\t\t\t\t<\/div>\n\t\t\t\t<\/div>\n\t\t\t\t<\/div>\n\t\t<div class=\"elementor-element elementor-element-aef1303 e-flex e-con-boxed e-con e-child\" data-id=\"aef1303\" data-element_type=\"container\" data-settings=\"{&quot;container_type&quot;:&quot;flex&quot;,&quot;content_width&quot;:&quot;boxed&quot;}\">\n\t\t\t\t\t<div class=\"e-con-inner\">\n\t\t\t\t<div class=\"elementor-element elementor-element-387f51a elementor-widget elementor-widget-heading\" data-id=\"387f51a\" data-element_type=\"widget\" data-widget_type=\"heading.default\">\n\t\t\t\t<div class=\"elementor-widget-container\">\n\t\t\t<h5 class=\"elementor-heading-title elementor-size-default\">Laureado com o Pr\u00eamio Nobel\n<\/h5>\t\t<\/div>\n\t\t\t\t<\/div>\n\t\t\t\t<div class=\"elementor-element elementor-element-75d003c elementor-widget elementor-widget-heading\" data-id=\"75d003c\" data-element_type=\"widget\" data-widget_type=\"heading.default\">\n\t\t\t\t<div class=\"elementor-widget-container\">\n\t\t\t<h4 class=\"elementor-heading-title elementor-size-default\"><a href=\"https:\/\/homologacao.websyte.com.br\/nobel\/painelistas\/david-macmillan\/\">David MacMillan<\/a><\/h4>\t\t<\/div>\n\t\t\t\t<\/div>\n\t\t\t\t<div class=\"elementor-element elementor-element-2dc376c elementor-widget elementor-widget-text-editor\" data-id=\"2dc376c\" data-element_type=\"widget\" data-widget_type=\"text-editor.default\">\n\t\t\t\t<div class=\"elementor-widget-container\">\n\t\t\t\t\t\t\t<p>David MacMillan divide o Pr\u00eamio Nobel de Qu\u00edmica de 2021 com Benjamin List \u201cpelo desenvolvimento da organocat\u00e1lise assim\u00e9trica\u201d.<\/p><p><a href=\"https:\/\/homologacao.websyte.com.br\/nobel\/painelistas\/david-macmillan\/\">Saiba mais sobre David MacMillan<\/a><\/p>\t\t\t\t\t\t<\/div>\n\t\t\t\t<\/div>\n\t\t\t\t\t<\/div>\n\t\t\t\t<\/div>\n\t\t\t\t<\/div>\n\t\t<div class=\"elementor-element elementor-element-98ed1d8 e-con-full e-flex e-con e-child\" data-id=\"98ed1d8\" data-element_type=\"container\" data-settings=\"{&quot;content_width&quot;:&quot;full&quot;,&quot;container_type&quot;:&quot;flex&quot;}\">\n\t\t<div class=\"elementor-element elementor-element-e0a3e8a e-con-full e-flex e-con e-child\" data-id=\"e0a3e8a\" data-element_type=\"container\" data-settings=\"{&quot;content_width&quot;:&quot;full&quot;,&quot;container_type&quot;:&quot;flex&quot;}\">\n\t\t\t\t<div class=\"elementor-element elementor-element-326da49 elementor-widget elementor-widget-image\" data-id=\"326da49\" data-element_type=\"widget\" data-widget_type=\"image.default\">\n\t\t\t\t<div class=\"elementor-widget-container\">\n\t\t\t\t\t\t\t\t\t\t\t\t\t<img loading=\"lazy\" decoding=\"async\" width=\"640\" height=\"960\" src=\"https:\/\/homologacao.websyte.com.br\/nobel\/wp-content\/uploads\/2024\/03\/155758-portrait-small-2x.jpg\" class=\"attachment-large size-large wp-image-519\" alt=\"\" srcset=\"https:\/\/homologacao.websyte.com.br\/nobel\/wp-content\/uploads\/2024\/03\/155758-portrait-small-2x.jpg 640w, https:\/\/homologacao.websyte.com.br\/nobel\/wp-content\/uploads\/2024\/03\/155758-portrait-small-2x-200x300.jpg 200w\" sizes=\"(max-width: 640px) 100vw, 640px\" \/>\t\t\t\t\t\t\t\t\t\t\t\t\t<\/div>\n\t\t\t\t<\/div>\n\t\t\t\t<\/div>\n\t\t<div class=\"elementor-element elementor-element-d60df00 e-flex e-con-boxed e-con e-child\" data-id=\"d60df00\" data-element_type=\"container\" data-settings=\"{&quot;container_type&quot;:&quot;flex&quot;,&quot;content_width&quot;:&quot;boxed&quot;}\">\n\t\t\t\t\t<div class=\"e-con-inner\">\n\t\t\t\t<div class=\"elementor-element elementor-element-79e8b0e elementor-widget elementor-widget-heading\" data-id=\"79e8b0e\" data-element_type=\"widget\" data-widget_type=\"heading.default\">\n\t\t\t\t<div class=\"elementor-widget-container\">\n\t\t\t<h4 class=\"elementor-heading-title elementor-size-default\"><a href=\"https:\/\/homologacao.websyte.com.br\/nobel\/painelistas\/erika-lanner\/\">Erika Lanner<\/a><\/h4>\t\t<\/div>\n\t\t\t\t<\/div>\n\t\t\t\t<div class=\"elementor-element elementor-element-eeb85a9 elementor-widget elementor-widget-text-editor\" data-id=\"eeb85a9\" data-element_type=\"widget\" data-widget_type=\"text-editor.default\">\n\t\t\t\t<div class=\"elementor-widget-container\">\n\t\t\t\t\t\t\t<p>Erika Lanner \u00e9 CEO e diretora do Nobel Prize Museum em Estocolmo desde 2019.<\/p><p><a href=\"https:\/\/homologacao.websyte.com.br\/nobel\/painelistas\/erika-lanner\/\">Saiba mais sobre Erika Lanner<\/a><\/p>\t\t\t\t\t\t<\/div>\n\t\t\t\t<\/div>\n\t\t\t\t\t<\/div>\n\t\t\t\t<\/div>\n\t\t\t\t<\/div>\n\t\t\t\t<\/div>\n\t\t<div class=\"elementor-element elementor-element-c5dec1d e-con-full e-flex e-con e-child\" data-id=\"c5dec1d\" data-element_type=\"container\" data-settings=\"{&quot;content_width&quot;:&quot;full&quot;,&quot;container_type&quot;:&quot;flex&quot;}\">\n\t\t<div class=\"elementor-element elementor-element-1a4d1d7 e-con-full e-flex e-con e-child\" data-id=\"1a4d1d7\" data-element_type=\"container\" data-settings=\"{&quot;content_width&quot;:&quot;full&quot;,&quot;container_type&quot;:&quot;flex&quot;}\">\n\t\t<div class=\"elementor-element elementor-element-3e5a675 e-con-full e-flex e-con e-child\" data-id=\"3e5a675\" data-element_type=\"container\" data-settings=\"{&quot;content_width&quot;:&quot;full&quot;,&quot;container_type&quot;:&quot;flex&quot;}\">\n\t\t\t\t<div class=\"elementor-element elementor-element-7e2784b elementor-widget elementor-widget-image\" data-id=\"7e2784b\" data-element_type=\"widget\" data-widget_type=\"image.default\">\n\t\t\t\t<div class=\"elementor-widget-container\">\n\t\t\t\t\t\t\t\t\t\t\t\t\t<img loading=\"lazy\" decoding=\"async\" width=\"640\" height=\"960\" src=\"https:\/\/homologacao.websyte.com.br\/nobel\/wp-content\/uploads\/2024\/03\/Silvia-Maria-Fonseca-Silveira-Massruha.webp\" class=\"attachment-large size-large wp-image-324\" alt=\"\" srcset=\"https:\/\/homologacao.websyte.com.br\/nobel\/wp-content\/uploads\/2024\/03\/Silvia-Maria-Fonseca-Silveira-Massruha.webp 640w, https:\/\/homologacao.websyte.com.br\/nobel\/wp-content\/uploads\/2024\/03\/Silvia-Maria-Fonseca-Silveira-Massruha-200x300.webp 200w\" sizes=\"(max-width: 640px) 100vw, 640px\" \/>\t\t\t\t\t\t\t\t\t\t\t\t\t<\/div>\n\t\t\t\t<\/div>\n\t\t\t\t<\/div>\n\t\t<div class=\"elementor-element elementor-element-b9fe31f e-flex e-con-boxed e-con e-child\" data-id=\"b9fe31f\" data-element_type=\"container\" data-settings=\"{&quot;container_type&quot;:&quot;flex&quot;,&quot;content_width&quot;:&quot;boxed&quot;}\">\n\t\t\t\t\t<div class=\"e-con-inner\">\n\t\t\t\t<div class=\"elementor-element elementor-element-71822f6 elementor-widget elementor-widget-heading\" data-id=\"71822f6\" data-element_type=\"widget\" data-widget_type=\"heading.default\">\n\t\t\t\t<div class=\"elementor-widget-container\">\n\t\t\t<h4 class=\"elementor-heading-title elementor-size-default\"><a href=\"https:\/\/homologacao.websyte.com.br\/nobel\/painelistas\/silvia-maria-fonseca-silveira-massruha-2\/\">Silvia Maria Fonseca Silveira Massruh\u00e1<\/a><\/h4>\t\t<\/div>\n\t\t\t\t<\/div>\n\t\t\t\t<div class=\"elementor-element elementor-element-32171bf elementor-widget elementor-widget-text-editor\" data-id=\"32171bf\" data-element_type=\"widget\" data-widget_type=\"text-editor.default\">\n\t\t\t\t<div class=\"elementor-widget-container\">\n\t\t\t\t\t\t\t<p>Silvia Maria Fonseca Silveira Massruh\u00e1 assumiu a presid\u00eancia da Embrapa em maio de 2023. Entre suas \u00e1reas de conhecimento est\u00e3o o desenvolvimento de tecnologias para sistemas complexos e solu\u00e7\u00f5es interdisciplinares para o futuro.<\/p><p><a href=\"https:\/\/homologacao.websyte.com.br\/nobel\/painelistas\/silvia-maria-fonseca-silveira-massruha-2\/\">Saiba mais sobre Silvia Maria Fonseca Silveira Massruh\u00e1<\/a><\/p>\t\t\t\t\t\t<\/div>\n\t\t\t\t<\/div>\n\t\t\t\t\t<\/div>\n\t\t\t\t<\/div>\n\t\t\t\t<\/div>\n\t\t<div class=\"elementor-element elementor-element-c66d882 e-con-full e-flex e-con e-child\" data-id=\"c66d882\" data-element_type=\"container\" data-settings=\"{&quot;content_width&quot;:&quot;full&quot;,&quot;container_type&quot;:&quot;flex&quot;}\">\n\t\t<div class=\"elementor-element elementor-element-c52d034 e-con-full e-flex e-con e-child\" data-id=\"c52d034\" data-element_type=\"container\" data-settings=\"{&quot;content_width&quot;:&quot;full&quot;,&quot;container_type&quot;:&quot;flex&quot;}\">\n\t\t\t\t<div class=\"elementor-element elementor-element-e21081c elementor-widget elementor-widget-image\" data-id=\"e21081c\" data-element_type=\"widget\" data-widget_type=\"image.default\">\n\t\t\t\t<div class=\"elementor-widget-container\">\n\t\t\t\t\t\t\t\t\t\t\t\t\t<img loading=\"lazy\" decoding=\"async\" width=\"640\" height=\"960\" src=\"https:\/\/homologacao.websyte.com.br\/nobel\/wp-content\/uploads\/2024\/03\/112214-portrait-small-2x.webp\" class=\"attachment-large size-large wp-image-62\" alt=\"\" srcset=\"https:\/\/homologacao.websyte.com.br\/nobel\/wp-content\/uploads\/2024\/03\/112214-portrait-small-2x.webp 640w, https:\/\/homologacao.websyte.com.br\/nobel\/wp-content\/uploads\/2024\/03\/112214-portrait-small-2x-200x300.webp 200w\" sizes=\"(max-width: 640px) 100vw, 640px\" \/>\t\t\t\t\t\t\t\t\t\t\t\t\t<\/div>\n\t\t\t\t<\/div>\n\t\t\t\t<\/div>\n\t\t<div class=\"elementor-element elementor-element-d3d519e e-flex e-con-boxed e-con e-child\" data-id=\"d3d519e\" data-element_type=\"container\" data-settings=\"{&quot;container_type&quot;:&quot;flex&quot;,&quot;content_width&quot;:&quot;boxed&quot;}\">\n\t\t\t\t\t<div class=\"e-con-inner\">\n\t\t\t\t<div class=\"elementor-element elementor-element-80761f6 elementor-widget elementor-widget-heading\" data-id=\"80761f6\" data-element_type=\"widget\" data-widget_type=\"heading.default\">\n\t\t\t\t<div class=\"elementor-widget-container\">\n\t\t\t<h5 class=\"elementor-heading-title elementor-size-default\">Laureado com o Pr\u00eamio Nobel\n<\/h5>\t\t<\/div>\n\t\t\t\t<\/div>\n\t\t\t\t<div class=\"elementor-element elementor-element-d59be50 elementor-widget elementor-widget-heading\" data-id=\"d59be50\" data-element_type=\"widget\" data-widget_type=\"heading.default\">\n\t\t\t\t<div class=\"elementor-widget-container\">\n\t\t\t<h4 class=\"elementor-heading-title elementor-size-default\"><a href=\"https:\/\/homologacao.websyte.com.br\/nobel\/painelistas\/may-britt-moser\/\">May-Britt Moser<\/a><\/h4>\t\t<\/div>\n\t\t\t\t<\/div>\n\t\t\t\t<div class=\"elementor-element elementor-element-34d112c elementor-widget elementor-widget-text-editor\" data-id=\"34d112c\" data-element_type=\"widget\" data-widget_type=\"text-editor.default\">\n\t\t\t\t<div class=\"elementor-widget-container\">\n\t\t\t\t\t\t\t<p>May-Britt Moser divide o Pr\u00eamio Nobel de Medicina de 2014 com Edvard Moser e John O\u2019Keefe.<\/p><p><a href=\"https:\/\/homologacao.websyte.com.br\/nobel\/painelistas\/may-britt-moser\/\">Saiba mais sobre May-Britt Moser<\/a><\/p>\t\t\t\t\t\t<\/div>\n\t\t\t\t<\/div>\n\t\t\t\t\t<\/div>\n\t\t\t\t<\/div>\n\t\t\t\t<\/div>\n\t\t\t\t<\/div>\n\t\t<div class=\"elementor-element elementor-element-4d48c55 e-con-full e-flex e-con e-child\" data-id=\"4d48c55\" data-element_type=\"container\" data-settings=\"{&quot;content_width&quot;:&quot;full&quot;,&quot;container_type&quot;:&quot;flex&quot;}\">\n\t\t<div class=\"elementor-element elementor-element-35d2d1a e-con-full e-flex e-con e-child\" data-id=\"35d2d1a\" data-element_type=\"container\" data-settings=\"{&quot;content_width&quot;:&quot;full&quot;,&quot;container_type&quot;:&quot;flex&quot;}\">\n\t\t<div class=\"elementor-element elementor-element-d77a395 e-con-full e-flex e-con e-child\" data-id=\"d77a395\" data-element_type=\"container\" data-settings=\"{&quot;content_width&quot;:&quot;full&quot;,&quot;container_type&quot;:&quot;flex&quot;}\">\n\t\t\t\t<div class=\"elementor-element elementor-element-3560c9a elementor-widget elementor-widget-image\" data-id=\"3560c9a\" data-element_type=\"widget\" data-widget_type=\"image.default\">\n\t\t\t\t<div class=\"elementor-widget-container\">\n\t\t\t\t\t\t\t\t\t\t\t\t\t<img loading=\"lazy\" decoding=\"async\" width=\"640\" height=\"960\" src=\"https:\/\/homologacao.websyte.com.br\/nobel\/wp-content\/uploads\/2024\/03\/155756-portrait-small-2x.jpg\" class=\"attachment-large size-large wp-image-581\" alt=\"\" srcset=\"https:\/\/homologacao.websyte.com.br\/nobel\/wp-content\/uploads\/2024\/03\/155756-portrait-small-2x.jpg 640w, https:\/\/homologacao.websyte.com.br\/nobel\/wp-content\/uploads\/2024\/03\/155756-portrait-small-2x-200x300.jpg 200w\" sizes=\"(max-width: 640px) 100vw, 640px\" \/>\t\t\t\t\t\t\t\t\t\t\t\t\t<\/div>\n\t\t\t\t<\/div>\n\t\t\t\t<\/div>\n\t\t<div class=\"elementor-element elementor-element-663ba50 e-flex e-con-boxed e-con e-child\" data-id=\"663ba50\" data-element_type=\"container\" data-settings=\"{&quot;container_type&quot;:&quot;flex&quot;,&quot;content_width&quot;:&quot;boxed&quot;}\">\n\t\t\t\t\t<div class=\"e-con-inner\">\n\t\t\t\t<div class=\"elementor-element elementor-element-0aec21f elementor-widget elementor-widget-heading\" data-id=\"0aec21f\" data-element_type=\"widget\" data-widget_type=\"heading.default\">\n\t\t\t\t<div class=\"elementor-widget-container\">\n\t\t\t<h4 class=\"elementor-heading-title elementor-size-default\"><a href=\"https:\/\/homologacao.websyte.com.br\/nobel\/painelistas\/helena-b-nader\/\">Helena B. Nader<\/a><\/h4>\t\t<\/div>\n\t\t\t\t<\/div>\n\t\t\t\t<div class=\"elementor-element elementor-element-e7cd12f elementor-widget elementor-widget-text-editor\" data-id=\"e7cd12f\" data-element_type=\"widget\" data-widget_type=\"text-editor.default\">\n\t\t\t\t<div class=\"elementor-widget-container\">\n\t\t\t\t\t\t\t<p>Helena B. Nader \u00e9 professora em\u00e9rita da Escola Paulista de Medicina da Universidade Federal de S\u00e3o Paulo (Unifesp). Ela \u00e9 Presidente da Academia Brasileira de Ci\u00eancias (ABC).<\/p><p><a href=\"https:\/\/homologacao.websyte.com.br\/nobel\/painelistas\/helena-b-nader\/\">Saiba mais sobre Helena B. Nader<\/a><\/p>\t\t\t\t\t\t<\/div>\n\t\t\t\t<\/div>\n\t\t\t\t\t<\/div>\n\t\t\t\t<\/div>\n\t\t\t\t<\/div>\n\t\t<div class=\"elementor-element elementor-element-9de78ce e-con-full e-flex e-con e-child\" data-id=\"9de78ce\" data-element_type=\"container\" data-settings=\"{&quot;content_width&quot;:&quot;full&quot;,&quot;container_type&quot;:&quot;flex&quot;}\">\n\t\t<div class=\"elementor-element elementor-element-41516e7 e-con-full e-flex e-con e-child\" data-id=\"41516e7\" data-element_type=\"container\" data-settings=\"{&quot;content_width&quot;:&quot;full&quot;,&quot;container_type&quot;:&quot;flex&quot;}\">\n\t\t\t\t<div class=\"elementor-element elementor-element-d0e5121 elementor-widget elementor-widget-image\" data-id=\"d0e5121\" data-element_type=\"widget\" data-widget_type=\"image.default\">\n\t\t\t\t<div class=\"elementor-widget-container\">\n\t\t\t\t\t\t\t\t\t\t\t\t\t<img loading=\"lazy\" decoding=\"async\" width=\"640\" height=\"960\" src=\"https:\/\/homologacao.websyte.com.br\/nobel\/wp-content\/uploads\/2024\/03\/Antonio-Augusto-Fidalgo-Neto.webp\" class=\"attachment-large size-large wp-image-325\" alt=\"\" srcset=\"https:\/\/homologacao.websyte.com.br\/nobel\/wp-content\/uploads\/2024\/03\/Antonio-Augusto-Fidalgo-Neto.webp 640w, https:\/\/homologacao.websyte.com.br\/nobel\/wp-content\/uploads\/2024\/03\/Antonio-Augusto-Fidalgo-Neto-200x300.webp 200w\" sizes=\"(max-width: 640px) 100vw, 640px\" \/>\t\t\t\t\t\t\t\t\t\t\t\t\t<\/div>\n\t\t\t\t<\/div>\n\t\t\t\t<\/div>\n\t\t<div class=\"elementor-element elementor-element-3183a54 e-flex e-con-boxed e-con e-child\" data-id=\"3183a54\" data-element_type=\"container\" data-settings=\"{&quot;container_type&quot;:&quot;flex&quot;,&quot;content_width&quot;:&quot;boxed&quot;}\">\n\t\t\t\t\t<div class=\"e-con-inner\">\n\t\t\t\t<div class=\"elementor-element elementor-element-3d8cc5b elementor-widget elementor-widget-heading\" data-id=\"3d8cc5b\" data-element_type=\"widget\" data-widget_type=\"heading.default\">\n\t\t\t\t<div class=\"elementor-widget-container\">\n\t\t\t<h4 class=\"elementor-heading-title elementor-size-default\"><a href=\"https:\/\/homologacao.websyte.com.br\/nobel\/painelistas\/antonio-augusto-fidalgo-neto-2\/\">Antonio Augusto Fidalgo Neto<\/a><\/h4>\t\t<\/div>\n\t\t\t\t<\/div>\n\t\t\t\t<div class=\"elementor-element elementor-element-cd4b918 elementor-widget elementor-widget-text-editor\" data-id=\"cd4b918\" data-element_type=\"widget\" data-widget_type=\"text-editor.default\">\n\t\t\t\t<div class=\"elementor-widget-container\">\n\t\t\t\t\t\t\t<p>Ant\u00f4nio Augusto Fidalgo Neto \u00e9 Pesquisador Chefe do Instituto SENAI de Inova\u00e7\u00e3o em Qu\u00edmica Verde e Centro de Inova\u00e7\u00e3o SESI em Sa\u00fade Ocupacional.<\/p><p><a href=\"https:\/\/homologacao.websyte.com.br\/nobel\/painelistas\/antonio-augusto-fidalgo-neto-2\/\">Saiba mais sobre Antonio Augusto Fidalgo Neto<\/a><\/p>\t\t\t\t\t\t<\/div>\n\t\t\t\t<\/div>\n\t\t\t\t\t<\/div>\n\t\t\t\t<\/div>\n\t\t\t\t<\/div>\n\t\t\t\t<\/div>\n\t\t<div class=\"elementor-element elementor-element-001c7c0 e-con-full e-flex e-con e-child\" data-id=\"001c7c0\" data-element_type=\"container\" data-settings=\"{&quot;content_width&quot;:&quot;full&quot;,&quot;container_type&quot;:&quot;flex&quot;}\">\n\t\t<div class=\"elementor-element elementor-element-834efb4 e-con-full e-flex e-con e-child\" data-id=\"834efb4\" data-element_type=\"container\" data-settings=\"{&quot;content_width&quot;:&quot;full&quot;,&quot;container_type&quot;:&quot;flex&quot;}\">\n\t\t<div class=\"elementor-element elementor-element-f2288ae e-con-full e-flex e-con e-child\" data-id=\"f2288ae\" data-element_type=\"container\" data-settings=\"{&quot;content_width&quot;:&quot;full&quot;,&quot;container_type&quot;:&quot;flex&quot;}\">\n\t\t\t\t<div class=\"elementor-element elementor-element-bde7c59 elementor-widget elementor-widget-image\" data-id=\"bde7c59\" data-element_type=\"widget\" data-widget_type=\"image.default\">\n\t\t\t\t<div class=\"elementor-widget-container\">\n\t\t\t\t\t\t\t\t\t\t\t\t\t<img loading=\"lazy\" decoding=\"async\" width=\"640\" height=\"960\" src=\"https:\/\/homologacao.websyte.com.br\/nobel\/wp-content\/uploads\/2024\/03\/155754-portrait-small-2x.jpg\" class=\"attachment-large size-large wp-image-570\" alt=\"\" srcset=\"https:\/\/homologacao.websyte.com.br\/nobel\/wp-content\/uploads\/2024\/03\/155754-portrait-small-2x.jpg 640w, https:\/\/homologacao.websyte.com.br\/nobel\/wp-content\/uploads\/2024\/03\/155754-portrait-small-2x-200x300.jpg 200w\" sizes=\"(max-width: 640px) 100vw, 640px\" \/>\t\t\t\t\t\t\t\t\t\t\t\t\t<\/div>\n\t\t\t\t<\/div>\n\t\t\t\t<\/div>\n\t\t<div class=\"elementor-element elementor-element-647b7c5 e-flex e-con-boxed e-con e-child\" data-id=\"647b7c5\" data-element_type=\"container\" data-settings=\"{&quot;container_type&quot;:&quot;flex&quot;,&quot;content_width&quot;:&quot;boxed&quot;}\">\n\t\t\t\t\t<div class=\"e-con-inner\">\n\t\t\t\t<div class=\"elementor-element elementor-element-9d73648 elementor-widget elementor-widget-heading\" data-id=\"9d73648\" data-element_type=\"widget\" data-widget_type=\"heading.default\">\n\t\t\t\t<div class=\"elementor-widget-container\">\n\t\t\t<h4 class=\"elementor-heading-title elementor-size-default\"><a href=\"https:\/\/homologacao.websyte.com.br\/nobel\/painelistas\/leticia-palhares\/\">Leticia Palhares<\/a><\/h4>\t\t<\/div>\n\t\t\t\t<\/div>\n\t\t\t\t<div class=\"elementor-element elementor-element-8e05f2e elementor-widget elementor-widget-text-editor\" data-id=\"8e05f2e\" data-element_type=\"widget\" data-widget_type=\"text-editor.default\">\n\t\t\t\t<div class=\"elementor-widget-container\">\n\t\t\t\t\t\t\t<p>Leticia Palhares \u00e9 professora de F\u00edsica Te\u00f3rica na Universidade do Estado do Rio de Janeiro (UERJ) e Membro Afiliado da Academia Brasileira de Ci\u00eancias para o per\u00edodo de 2020-2024.<\/p><p><a href=\"https:\/\/homologacao.websyte.com.br\/nobel\/painelistas\/leticia-palhares\/\">Saiba mais sobre Leticia Palhares<\/a><\/p>\t\t\t\t\t\t<\/div>\n\t\t\t\t<\/div>\n\t\t\t\t\t<\/div>\n\t\t\t\t<\/div>\n\t\t\t\t<\/div>\n\t\t<div class=\"elementor-element elementor-element-a2cab96 e-con-full e-flex e-con e-child\" data-id=\"a2cab96\" data-element_type=\"container\" data-settings=\"{&quot;content_width&quot;:&quot;full&quot;,&quot;container_type&quot;:&quot;flex&quot;}\">\n\t\t<div class=\"elementor-element elementor-element-13fa8a7 e-con-full e-flex e-con e-child\" data-id=\"13fa8a7\" data-element_type=\"container\" data-settings=\"{&quot;content_width&quot;:&quot;full&quot;,&quot;container_type&quot;:&quot;flex&quot;}\">\n\t\t\t\t<div class=\"elementor-element elementor-element-7d19ab9 elementor-widget elementor-widget-image\" data-id=\"7d19ab9\" data-element_type=\"widget\" data-widget_type=\"image.default\">\n\t\t\t\t<div class=\"elementor-widget-container\">\n\t\t\t\t\t\t\t\t\t\t\t\t\t<img loading=\"lazy\" decoding=\"async\" width=\"640\" height=\"960\" src=\"https:\/\/homologacao.websyte.com.br\/nobel\/wp-content\/uploads\/2024\/03\/Gulnar-Azevedo-e-Silva.jpg\" class=\"attachment-large size-large wp-image-326\" alt=\"\" srcset=\"https:\/\/homologacao.websyte.com.br\/nobel\/wp-content\/uploads\/2024\/03\/Gulnar-Azevedo-e-Silva.jpg 640w, https:\/\/homologacao.websyte.com.br\/nobel\/wp-content\/uploads\/2024\/03\/Gulnar-Azevedo-e-Silva-200x300.jpg 200w\" sizes=\"(max-width: 640px) 100vw, 640px\" \/>\t\t\t\t\t\t\t\t\t\t\t\t\t<\/div>\n\t\t\t\t<\/div>\n\t\t\t\t<\/div>\n\t\t<div class=\"elementor-element elementor-element-5f73566 e-flex e-con-boxed e-con e-child\" data-id=\"5f73566\" data-element_type=\"container\" data-settings=\"{&quot;container_type&quot;:&quot;flex&quot;,&quot;content_width&quot;:&quot;boxed&quot;}\">\n\t\t\t\t\t<div class=\"e-con-inner\">\n\t\t\t\t<div class=\"elementor-element elementor-element-6aac709 elementor-widget elementor-widget-heading\" data-id=\"6aac709\" data-element_type=\"widget\" data-widget_type=\"heading.default\">\n\t\t\t\t<div class=\"elementor-widget-container\">\n\t\t\t<h4 class=\"elementor-heading-title elementor-size-default\"><a href=\"https:\/\/homologacao.websyte.com.br\/nobel\/painelistas\/gulnar-azevedo-e-silva-2\/\">Gulnar Azevedo e Silva<\/a><\/h4>\t\t<\/div>\n\t\t\t\t<\/div>\n\t\t\t\t<div class=\"elementor-element elementor-element-9ddfef5 elementor-widget elementor-widget-text-editor\" data-id=\"9ddfef5\" data-element_type=\"widget\" data-widget_type=\"text-editor.default\">\n\t\t\t\t<div class=\"elementor-widget-container\">\n\t\t\t\t\t\t\t<p>Gulnar Azevedo e Silva \u00e9 Reitora da Universidade do Estado do Rio de Janeiro (UERJ), eleita para o per\u00edodo 2024-2027.<\/p><p><a href=\"https:\/\/homologacao.websyte.com.br\/nobel\/painelistas\/gulnar-azevedo-e-silva-2\/\">Saiba mais sobre Gulnar Azevedo e Silva<\/a><\/p>\t\t\t\t\t\t<\/div>\n\t\t\t\t<\/div>\n\t\t\t\t\t<\/div>\n\t\t\t\t<\/div>\n\t\t\t\t<\/div>\n\t\t\t\t<\/div>\n\t\t<div class=\"elementor-element elementor-element-10d0150 e-con-full e-flex e-con e-child\" data-id=\"10d0150\" data-element_type=\"container\" data-settings=\"{&quot;content_width&quot;:&quot;full&quot;,&quot;container_type&quot;:&quot;flex&quot;}\">\n\t\t<div class=\"elementor-element elementor-element-b3b4a34 e-con-full e-flex e-con e-child\" data-id=\"b3b4a34\" data-element_type=\"container\" data-settings=\"{&quot;content_width&quot;:&quot;full&quot;,&quot;container_type&quot;:&quot;flex&quot;}\">\n\t\t<div class=\"elementor-element elementor-element-28b2af9 e-con-full e-flex e-con e-child\" data-id=\"28b2af9\" data-element_type=\"container\" data-settings=\"{&quot;content_width&quot;:&quot;full&quot;,&quot;container_type&quot;:&quot;flex&quot;}\">\n\t\t\t\t<div class=\"elementor-element elementor-element-9386261 elementor-widget elementor-widget-image\" data-id=\"9386261\" data-element_type=\"widget\" data-widget_type=\"image.default\">\n\t\t\t\t<div class=\"elementor-widget-container\">\n\t\t\t\t\t\t\t\t\t\t\t\t\t<img loading=\"lazy\" decoding=\"async\" width=\"640\" height=\"960\" src=\"https:\/\/homologacao.websyte.com.br\/nobel\/wp-content\/uploads\/2024\/03\/54996-portrait-small-2x.webp\" class=\"attachment-large size-large wp-image-63\" alt=\"\" srcset=\"https:\/\/homologacao.websyte.com.br\/nobel\/wp-content\/uploads\/2024\/03\/54996-portrait-small-2x.webp 640w, https:\/\/homologacao.websyte.com.br\/nobel\/wp-content\/uploads\/2024\/03\/54996-portrait-small-2x-200x300.webp 200w\" sizes=\"(max-width: 640px) 100vw, 640px\" \/>\t\t\t\t\t\t\t\t\t\t\t\t\t<\/div>\n\t\t\t\t<\/div>\n\t\t\t\t<\/div>\n\t\t<div class=\"elementor-element elementor-element-824d0e7 e-flex e-con-boxed e-con e-child\" data-id=\"824d0e7\" data-element_type=\"container\" data-settings=\"{&quot;container_type&quot;:&quot;flex&quot;,&quot;content_width&quot;:&quot;boxed&quot;}\">\n\t\t\t\t\t<div class=\"e-con-inner\">\n\t\t\t\t<div class=\"elementor-element elementor-element-ffab55d elementor-widget elementor-widget-heading\" data-id=\"ffab55d\" data-element_type=\"widget\" data-widget_type=\"heading.default\">\n\t\t\t\t<div class=\"elementor-widget-container\">\n\t\t\t<h4 class=\"elementor-heading-title elementor-size-default\"><a href=\"https:\/\/homologacao.websyte.com.br\/nobel\/painelistas\/adam-smith\/\">Adam Smith<\/a><\/h4>\t\t<\/div>\n\t\t\t\t<\/div>\n\t\t\t\t<div class=\"elementor-element elementor-element-546ef85 elementor-widget elementor-widget-text-editor\" data-id=\"546ef85\" data-element_type=\"widget\" data-widget_type=\"text-editor.default\">\n\t\t\t\t<div class=\"elementor-widget-container\">\n\t\t\t\t\t\t\t<p>Adam Smith \u00e9 o Diretor Cient\u00edfico do Nobel Prize Outreach. Tem experi\u00eancia em pesquisa cient\u00edfica e publica\u00e7\u00e3o em ci\u00eancia.<\/p><p><a href=\"https:\/\/homologacao.websyte.com.br\/nobel\/painelistas\/adam-smith\/\">Saiba mais sobre Adam Smith<\/a><\/p>\t\t\t\t\t\t<\/div>\n\t\t\t\t<\/div>\n\t\t\t\t\t<\/div>\n\t\t\t\t<\/div>\n\t\t\t\t<\/div>\n\t\t<div class=\"elementor-element elementor-element-70e9920 e-con-full e-flex e-con e-child\" data-id=\"70e9920\" data-element_type=\"container\" data-settings=\"{&quot;content_width&quot;:&quot;full&quot;,&quot;container_type&quot;:&quot;flex&quot;}\">\n\t\t<div class=\"elementor-element elementor-element-4cd4c04 e-con-full e-flex e-con e-child\" data-id=\"4cd4c04\" data-element_type=\"container\" data-settings=\"{&quot;content_width&quot;:&quot;full&quot;,&quot;container_type&quot;:&quot;flex&quot;}\">\n\t\t\t\t<div class=\"elementor-element elementor-element-8a35956 elementor-widget elementor-widget-image\" data-id=\"8a35956\" data-element_type=\"widget\" data-widget_type=\"image.default\">\n\t\t\t\t<div class=\"elementor-widget-container\">\n\t\t\t\t\t\t\t\t\t\t\t\t\t<img loading=\"lazy\" decoding=\"async\" width=\"640\" height=\"960\" src=\"https:\/\/homologacao.websyte.com.br\/nobel\/wp-content\/uploads\/2024\/03\/155360-portrait-small-2x.webp\" class=\"attachment-large size-large wp-image-157\" alt=\"\" srcset=\"https:\/\/homologacao.websyte.com.br\/nobel\/wp-content\/uploads\/2024\/03\/155360-portrait-small-2x.webp 640w, https:\/\/homologacao.websyte.com.br\/nobel\/wp-content\/uploads\/2024\/03\/155360-portrait-small-2x-200x300.webp 200w\" sizes=\"(max-width: 640px) 100vw, 640px\" \/>\t\t\t\t\t\t\t\t\t\t\t\t\t<\/div>\n\t\t\t\t<\/div>\n\t\t\t\t<\/div>\n\t\t<div class=\"elementor-element elementor-element-97db1aa e-flex e-con-boxed e-con e-child\" data-id=\"97db1aa\" data-element_type=\"container\" data-settings=\"{&quot;container_type&quot;:&quot;flex&quot;,&quot;content_width&quot;:&quot;boxed&quot;}\">\n\t\t\t\t\t<div class=\"e-con-inner\">\n\t\t\t\t<div class=\"elementor-element elementor-element-5810108 elementor-widget elementor-widget-heading\" data-id=\"5810108\" data-element_type=\"widget\" data-widget_type=\"heading.default\">\n\t\t\t\t<div class=\"elementor-widget-container\">\n\t\t\t<h4 class=\"elementor-heading-title elementor-size-default\"><a href=\"https:\/\/homologacao.websyte.com.br\/nobel\/painelistas\/karen-b-strier\/\">Karen B. Strier<\/a><\/h4>\t\t<\/div>\n\t\t\t\t<\/div>\n\t\t\t\t<div class=\"elementor-element elementor-element-cc85240 elementor-widget elementor-widget-text-editor\" data-id=\"cc85240\" data-element_type=\"widget\" data-widget_type=\"text-editor.default\">\n\t\t\t\t<div class=\"elementor-widget-container\">\n\t\t\t\t\t\t\t<p>Karen B. Strier \u00e9 Vilas Research Professor e Irven DeVore Professor of Anthropology na University of Wisconsin-Madison. Uma reconhecida primatologista e conservacionista, ela \u00e9 uma autoridade internacional no macaco muriqui-do-norte, uma esp\u00e9cie amea\u00e7ada.<\/p><p><a href=\"https:\/\/homologacao.websyte.com.br\/nobel\/painelistas\/karen-b-strier\/\">Saiba mais sobre Karen B. Strier<\/a><\/p>\t\t\t\t\t\t<\/div>\n\t\t\t\t<\/div>\n\t\t\t\t\t<\/div>\n\t\t\t\t<\/div>\n\t\t\t\t<\/div>\n\t\t\t\t<\/div>\n\t\t<div class=\"elementor-element elementor-element-e4ac7e9 e-con-full e-flex e-con e-child\" data-id=\"e4ac7e9\" data-element_type=\"container\" data-settings=\"{&quot;content_width&quot;:&quot;full&quot;,&quot;container_type&quot;:&quot;flex&quot;}\">\n\t\t<div class=\"elementor-element elementor-element-133a5a9 e-con-full e-flex e-con e-child\" data-id=\"133a5a9\" data-element_type=\"container\" data-settings=\"{&quot;content_width&quot;:&quot;full&quot;,&quot;container_type&quot;:&quot;flex&quot;}\">\n\t\t<div class=\"elementor-element elementor-element-391d6f9 e-con-full e-flex e-con e-child\" data-id=\"391d6f9\" data-element_type=\"container\" data-settings=\"{&quot;content_width&quot;:&quot;full&quot;,&quot;container_type&quot;:&quot;flex&quot;}\">\n\t\t\t\t<div class=\"elementor-element elementor-element-a2b5591 elementor-widget elementor-widget-image\" data-id=\"a2b5591\" data-element_type=\"widget\" data-widget_type=\"image.default\">\n\t\t\t\t<div class=\"elementor-widget-container\">\n\t\t\t\t\t\t\t\t\t\t\t\t\t<img loading=\"lazy\" decoding=\"async\" width=\"313\" height=\"405\" src=\"https:\/\/homologacao.websyte.com.br\/nobel\/wp-content\/uploads\/2024\/03\/pedro-image-copy.jpeg\" class=\"attachment-large size-large wp-image-525\" alt=\"\" srcset=\"https:\/\/homologacao.websyte.com.br\/nobel\/wp-content\/uploads\/2024\/03\/pedro-image-copy.jpeg 313w, https:\/\/homologacao.websyte.com.br\/nobel\/wp-content\/uploads\/2024\/03\/pedro-image-copy-232x300.jpeg 232w\" sizes=\"(max-width: 313px) 100vw, 313px\" \/>\t\t\t\t\t\t\t\t\t\t\t\t\t<\/div>\n\t\t\t\t<\/div>\n\t\t\t\t<\/div>\n\t\t<div class=\"elementor-element elementor-element-0a4e452 e-flex e-con-boxed e-con e-child\" data-id=\"0a4e452\" data-element_type=\"container\" data-settings=\"{&quot;container_type&quot;:&quot;flex&quot;,&quot;content_width&quot;:&quot;boxed&quot;}\">\n\t\t\t\t\t<div class=\"e-con-inner\">\n\t\t\t\t<div class=\"elementor-element elementor-element-cb6754c elementor-widget elementor-widget-heading\" data-id=\"cb6754c\" data-element_type=\"widget\" data-widget_type=\"heading.default\">\n\t\t\t\t<div class=\"elementor-widget-container\">\n\t\t\t<h4 class=\"elementor-heading-title elementor-size-default\"><a href=\"https:\/\/homologacao.websyte.com.br\/nobel\/painelistas\/pedro-wongtschowski\/\">Pedro Wongtschowski<\/a><\/h4>\t\t<\/div>\n\t\t\t\t<\/div>\n\t\t\t\t<div class=\"elementor-element elementor-element-1272e9a elementor-widget elementor-widget-text-editor\" data-id=\"1272e9a\" data-element_type=\"widget\" data-widget_type=\"text-editor.default\">\n\t\t\t\t<div class=\"elementor-widget-container\">\n\t\t\t\t\t\t\t<p>Pedro Wongtschowski \u00e9 engenheiro qu\u00edmico com mestrado e doutorado pela Universidade de S\u00e3o Paulo. Ele possui uma extensa carreira como executivo de neg\u00f3cios em importantes empresas p\u00fablicas brasileiras.<\/p><p><a href=\"https:\/\/homologacao.websyte.com.br\/nobel\/painelistas\/pedro-wongtschowski\/\">Saiba mais sobre Pedro Wongtschowski<\/a><\/p>\t\t\t\t\t\t<\/div>\n\t\t\t\t<\/div>\n\t\t\t\t\t<\/div>\n\t\t\t\t<\/div>\n\t\t\t\t<\/div>\n\t\t<div class=\"elementor-element elementor-element-7c89334 e-con-full e-flex e-con e-child\" data-id=\"7c89334\" data-element_type=\"container\" data-settings=\"{&quot;content_width&quot;:&quot;full&quot;,&quot;container_type&quot;:&quot;flex&quot;}\">\n\t\t<div class=\"elementor-element elementor-element-56dad27 e-con-full e-flex e-con e-child\" data-id=\"56dad27\" data-element_type=\"container\" data-settings=\"{&quot;content_width&quot;:&quot;full&quot;,&quot;container_type&quot;:&quot;flex&quot;}\">\n\t\t\t\t<\/div>\n\t\t<div class=\"elementor-element elementor-element-45c0b2d e-flex e-con-boxed e-con e-child\" data-id=\"45c0b2d\" data-element_type=\"container\" data-settings=\"{&quot;container_type&quot;:&quot;flex&quot;,&quot;content_width&quot;:&quot;boxed&quot;}\">\n\t\t\t\t\t<div class=\"e-con-inner\">\n\t\t\t\t\t<\/div>\n\t\t\t\t<\/div>\n\t\t\t\t<\/div>\n\t\t\t\t<\/div>\n\t\t\t\t\t<\/div>\n\t\t\t\t<\/div>\n\t\t\t\t<\/div>\n\t\t","protected":false},"excerpt":{"rendered":"<p>Anderson F. Brito Anderson F. Brito \u00e9 virologista e especialista em bioinform\u00e1tica. Atualmente, atua como pesquisador no Instituto Todos pela Sa\u00fade (ITpS), uma institui\u00e7\u00e3o no Brasil dedicada \u00e0 prepara\u00e7\u00e3o para pandemias e resposta r\u00e1pida a amea\u00e7as infecciosas. Saiba mais sobre Anderson F. Brito Anna Cristina D\u2019Addio Anna Cristina D&#8217;Addio \u00e9 economista por forma\u00e7\u00e3o e trabalha [&hellip;]<\/p>\n","protected":false},"author":1,"featured_media":0,"parent":0,"menu_order":0,"comment_status":"closed","ping_status":"closed","template":"","meta":{"footnotes":""},"class_list":["post-165","page","type-page","status-publish","hentry"],"_links":{"self":[{"href":"https:\/\/homologacao.websyte.com.br\/nobel\/wp-json\/wp\/v2\/pages\/165","targetHints":{"allow":["GET"]}}],"collection":[{"href":"https:\/\/homologacao.websyte.com.br\/nobel\/wp-json\/wp\/v2\/pages"}],"about":[{"href":"https:\/\/homologacao.websyte.com.br\/nobel\/wp-json\/wp\/v2\/types\/page"}],"author":[{"embeddable":true,"href":"https:\/\/homologacao.websyte.com.br\/nobel\/wp-json\/wp\/v2\/users\/1"}],"replies":[{"embeddable":true,"href":"https:\/\/homologacao.websyte.com.br\/nobel\/wp-json\/wp\/v2\/comments?post=165"}],"version-history":[{"count":46,"href":"https:\/\/homologacao.websyte.com.br\/nobel\/wp-json\/wp\/v2\/pages\/165\/revisions"}],"predecessor-version":[{"id":616,"href":"https:\/\/homologacao.websyte.com.br\/nobel\/wp-json\/wp\/v2\/pages\/165\/revisions\/616"}],"wp:attachment":[{"href":"https:\/\/homologacao.websyte.com.br\/nobel\/wp-json\/wp\/v2\/media?parent=165"}],"curies":[{"name":"wp","href":"https:\/\/api.w.org\/{rel}","templated":true}]}}